{"id":18302,"date":"2020-12-11T16:21:00","date_gmt":"2020-12-11T15:21:00","guid":{"rendered":"https:\/\/lesmaisonsfabel.com\/our-houses\/"},"modified":"2025-03-13T14:35:26","modified_gmt":"2025-03-13T13:35:26","slug":"our-houses","status":"publish","type":"page","link":"http:\/\/lesmaisonsfabel.com\/en\/our-houses\/","title":{"rendered":"OUR HOUSES"},"content":{"rendered":"\t\t<div data-elementor-type=\"wp-page\" data-elementor-id=\"18302\" class=\"elementor elementor-18302 elementor-16291\" data-elementor-post-type=\"page\">\n\t\t\t\t\t\t<section class=\"elementor-section elementor-top-section elementor-element elementor-element-0b59ff2 elementor-section-boxed elementor-section-height-default elementor-section-height-default parallax_section_no qode_elementor_container_no\" data-id=\"0b59ff2\" data-element_type=\"section\">\n\t\t\t\t\t\t<div class=\"elementor-container elementor-column-gap-default\">\n\t\t\t\t\t<div class=\"elementor-column elementor-col-100 elementor-top-column elementor-element elementor-element-6b04d4a\" data-id=\"6b04d4a\" data-element_type=\"column\">\n\t\t\t<div class=\"elementor-widget-wrap elementor-element-populated\">\n\t\t\t\t\t\t<div class=\"elementor-element elementor-element-c9f9eb7 elementor-widget elementor-widget-bridge_portfolio_list\" data-id=\"c9f9eb7\" data-element_type=\"widget\" data-widget_type=\"bridge_portfolio_list.default\">\n\t\t\t\t<div class=\"elementor-widget-container\">\n\t\t\t\t\t<div class='projects_holder_outer v2 portfolio_with_space portfolio_standard'>\n    \n    <div class='filter_outer'>\n        <div class='filter_holder'>\n            <ul>\n                                    <li class='filter' data-filter='all'>                        <span >All<\/span>\n                    <\/li>\n                \n                                                <li class='filter' data-filter='portfolio_category_92'>\n                                                        <span >Biarritz<\/span>\n                                    <\/li>\n                                                <li class='filter' data-filter='portfolio_category_91'>\n                                                        <span >Deauville<\/span>\n                                    <\/li>\n                                                <li class='filter' data-filter='portfolio_category_87'>\n                                                        <span >Guadeloupe<\/span>\n                                    <\/li>\n                                                <li class='filter' data-filter='portfolio_category_86'>\n                                                        <span >Hossegor<\/span>\n                                    <\/li>\n                                                <li class='filter' data-filter='portfolio_category_88'>\n                                                        <span >Le Pyla<\/span>\n                                    <\/li>\n                                                <li class='filter' data-filter='portfolio_category_90'>\n                                                        <span >Le Touquet<\/span>\n                                    <\/li>\n                                                <li class='filter' data-filter='portfolio_category_89'>\n                                                        <span >L&#039;\u00cele de R\u00e9<\/span>\n                                    <\/li>\n            \n            <\/ul>\n        <\/div>\n    <\/div>\n\n    <div class='projects_holder portfolio_main_holder clearfix v2 standard portfolio_full_image portfolio_one_by_one'>\n        \n        <article class='mix portfolio_category_92 default' style=''>\n    \n    \n    \n    \n            <div class=\"item_holder slow_zoom\">\n\n                <div class=\"text_holder\">\n    <div class=\"text_holder_outer\">\n        <div class=\"text_holder_inner\">\n            \n        <\/div>\n    <\/div>\n<\/div>\n    <div class=\"icons_holder\">\n        \n        \n            <\/div>\n\n                                    <a itemprop=\"url\" class=\"portfolio_link_class\" title=\"Villa Trinidad\" href=\"http:\/\/lesmaisonsfabel.com\/en\/portfolio_page\/villa-trinidad\/\"><\/a>\n                \n                <div style=\"background-color: #0000005C\" class=\"portfolio_shader\"><\/div>\n                <div class=\"image_holder\">\n                    \n<span class='image'><img fetchpriority=\"high\" decoding=\"async\" width=\"539\" height=\"428\" src=\"http:\/\/lesmaisonsfabel.com\/wp-content\/uploads\/2020\/12\/LesmaisonsFabel_NosMaisons-vignette-portfolio_VillaTrinidad2.jpg\" class=\"attachment-full size-full wp-post-image\" alt=\"\" srcset=\"http:\/\/lesmaisonsfabel.com\/wp-content\/uploads\/2020\/12\/LesmaisonsFabel_NosMaisons-vignette-portfolio_VillaTrinidad2.jpg 539w, http:\/\/lesmaisonsfabel.com\/wp-content\/uploads\/2020\/12\/LesmaisonsFabel_NosMaisons-vignette-portfolio_VillaTrinidad2-300x238.jpg 300w\" sizes=\"(max-width: 539px) 100vw, 539px\" \/><\/span>                <\/div>\n            <\/div>\n\n                <div class='portfolio_description ' >\n\n        \n    <h5 itemprop=\"name\" class=\"portfolio_title entry_title\"><a itemprop=\"url\" href=\"http:\/\/lesmaisonsfabel.com\/en\/portfolio_page\/villa-trinidad\/\"  target=\"_self\"> Villa Trinidad<\/a><\/h5>\n\n\n        \n            <span class=\"project_category\"  >\n    Biarritz    <\/span>\n\n    <\/div>\n\n        \n<\/article>\n<article class='mix portfolio_category_92 default' style=''>\n    \n    \n    \n    \n            <div class=\"item_holder slow_zoom\">\n\n                <div class=\"text_holder\">\n    <div class=\"text_holder_outer\">\n        <div class=\"text_holder_inner\">\n            \n        <\/div>\n    <\/div>\n<\/div>\n    <div class=\"icons_holder\">\n        \n        \n            <\/div>\n\n                                    <a itemprop=\"url\" class=\"portfolio_link_class\" title=\"Maison Resaurie\" href=\"http:\/\/lesmaisonsfabel.com\/en\/portfolio_page\/maison-resaurie\/\"><\/a>\n                \n                <div style=\"background-color: #0000005C\" class=\"portfolio_shader\"><\/div>\n                <div class=\"image_holder\">\n                    \n<span class='image'><img decoding=\"async\" width=\"539\" height=\"428\" src=\"http:\/\/lesmaisonsfabel.com\/wp-content\/uploads\/2026\/01\/LesmaisonsFabel_NosMaisons-vignette-portfolio_MaisonResaurie.jpg\" class=\"attachment-full size-full wp-post-image\" alt=\"\" srcset=\"http:\/\/lesmaisonsfabel.com\/wp-content\/uploads\/2026\/01\/LesmaisonsFabel_NosMaisons-vignette-portfolio_MaisonResaurie.jpg 539w, http:\/\/lesmaisonsfabel.com\/wp-content\/uploads\/2026\/01\/LesmaisonsFabel_NosMaisons-vignette-portfolio_MaisonResaurie-300x238.jpg 300w\" sizes=\"(max-width: 539px) 100vw, 539px\" \/><\/span>                <\/div>\n            <\/div>\n\n                <div class='portfolio_description ' >\n\n        \n    <h5 itemprop=\"name\" class=\"portfolio_title entry_title\"><a itemprop=\"url\" href=\"http:\/\/lesmaisonsfabel.com\/en\/portfolio_page\/maison-resaurie\/\"  target=\"_self\"> Maison Resaurie<\/a><\/h5>\n\n\n        \n            <span class=\"project_category\"  >\n    Biarritz    <\/span>\n\n    <\/div>\n\n        \n<\/article>\n<article class='mix portfolio_category_86 default' style=''>\n    \n    \n    \n    \n            <div class=\"item_holder slow_zoom\">\n\n                <div class=\"text_holder\">\n    <div class=\"text_holder_outer\">\n        <div class=\"text_holder_inner\">\n            \n        <\/div>\n    <\/div>\n<\/div>\n    <div class=\"icons_holder\">\n        \n        \n            <\/div>\n\n                                    <a itemprop=\"url\" class=\"portfolio_link_class\" title=\"Villa Sciurus\" href=\"http:\/\/lesmaisonsfabel.com\/en\/portfolio_page\/villa-sciurus\/\"><\/a>\n                \n                <div style=\"background-color: #0000005C\" class=\"portfolio_shader\"><\/div>\n                <div class=\"image_holder\">\n                    \n<span class='image'><img decoding=\"async\" width=\"539\" height=\"428\" src=\"http:\/\/lesmaisonsfabel.com\/wp-content\/uploads\/2023\/07\/LesmaisonsFabel_NosMaisons-vignette-portfolio_VillaSciurus.jpg\" class=\"attachment-full size-full wp-post-image\" alt=\"\" srcset=\"http:\/\/lesmaisonsfabel.com\/wp-content\/uploads\/2023\/07\/LesmaisonsFabel_NosMaisons-vignette-portfolio_VillaSciurus.jpg 539w, http:\/\/lesmaisonsfabel.com\/wp-content\/uploads\/2023\/07\/LesmaisonsFabel_NosMaisons-vignette-portfolio_VillaSciurus-300x238.jpg 300w\" sizes=\"(max-width: 539px) 100vw, 539px\" \/><\/span>                <\/div>\n            <\/div>\n\n                <div class='portfolio_description ' >\n\n        \n    <h5 itemprop=\"name\" class=\"portfolio_title entry_title\"><a itemprop=\"url\" href=\"http:\/\/lesmaisonsfabel.com\/en\/portfolio_page\/villa-sciurus\/\"  target=\"_self\"> Villa Sciurus<\/a><\/h5>\n\n\n        \n            <span class=\"project_category\"  >\n    Hossegor    <\/span>\n\n    <\/div>\n\n        \n<\/article>\n<article class='mix portfolio_category_91 default' style=''>\n    \n    \n    \n    \n            <div class=\"item_holder slow_zoom\">\n\n                <div class=\"text_holder\">\n    <div class=\"text_holder_outer\">\n        <div class=\"text_holder_inner\">\n            \n        <\/div>\n    <\/div>\n<\/div>\n    <div class=\"icons_holder\">\n        \n        \n            <\/div>\n\n                                    <a itemprop=\"url\" class=\"portfolio_link_class\" title=\"Villa De Byans\" href=\"http:\/\/lesmaisonsfabel.com\/en\/portfolio_page\/villa-de-byans\/\"><\/a>\n                \n                <div style=\"background-color: #0000005C\" class=\"portfolio_shader\"><\/div>\n                <div class=\"image_holder\">\n                    \n<span class='image'><img loading=\"lazy\" decoding=\"async\" width=\"539\" height=\"428\" src=\"http:\/\/lesmaisonsfabel.com\/wp-content\/uploads\/2020\/12\/LesmaisonsFabel_NosMaisons-vignette-portfolio_VillaDebyans.jpg\" class=\"attachment-full size-full wp-post-image\" alt=\"\" srcset=\"http:\/\/lesmaisonsfabel.com\/wp-content\/uploads\/2020\/12\/LesmaisonsFabel_NosMaisons-vignette-portfolio_VillaDebyans.jpg 539w, http:\/\/lesmaisonsfabel.com\/wp-content\/uploads\/2020\/12\/LesmaisonsFabel_NosMaisons-vignette-portfolio_VillaDebyans-300x238.jpg 300w\" sizes=\"(max-width: 539px) 100vw, 539px\" \/><\/span>                <\/div>\n            <\/div>\n\n                <div class='portfolio_description ' >\n\n        \n    <h5 itemprop=\"name\" class=\"portfolio_title entry_title\"><a itemprop=\"url\" href=\"http:\/\/lesmaisonsfabel.com\/en\/portfolio_page\/villa-de-byans\/\"  target=\"_self\"> Villa De Byans<\/a><\/h5>\n\n\n        \n            <span class=\"project_category\"  >\n    Deauville    <\/span>\n\n    <\/div>\n\n        \n<\/article>\n<article class='mix portfolio_category_89 default' style=''>\n    \n    \n    \n    \n            <div class=\"item_holder slow_zoom\">\n\n                <div class=\"text_holder\">\n    <div class=\"text_holder_outer\">\n        <div class=\"text_holder_inner\">\n            \n        <\/div>\n    <\/div>\n<\/div>\n    <div class=\"icons_holder\">\n        \n        \n            <\/div>\n\n                                    <a itemprop=\"url\" class=\"portfolio_link_class\" title=\"Maison Piquecos\" href=\"http:\/\/lesmaisonsfabel.com\/en\/portfolio_page\/maison-piquecos\/\"><\/a>\n                \n                <div style=\"background-color: #0000005C\" class=\"portfolio_shader\"><\/div>\n                <div class=\"image_holder\">\n                    \n<span class='image'><img loading=\"lazy\" decoding=\"async\" width=\"539\" height=\"428\" src=\"http:\/\/lesmaisonsfabel.com\/wp-content\/uploads\/2020\/12\/LesmaisonsFabel_NosMaisons-vignette-portfolio_MaisonPiquecos-1.jpg\" class=\"attachment-full size-full wp-post-image\" alt=\"\" srcset=\"http:\/\/lesmaisonsfabel.com\/wp-content\/uploads\/2020\/12\/LesmaisonsFabel_NosMaisons-vignette-portfolio_MaisonPiquecos-1.jpg 539w, http:\/\/lesmaisonsfabel.com\/wp-content\/uploads\/2020\/12\/LesmaisonsFabel_NosMaisons-vignette-portfolio_MaisonPiquecos-1-300x238.jpg 300w\" sizes=\"(max-width: 539px) 100vw, 539px\" \/><\/span>                <\/div>\n            <\/div>\n\n                <div class='portfolio_description ' >\n\n        \n    <h5 itemprop=\"name\" class=\"portfolio_title entry_title\"><a itemprop=\"url\" href=\"http:\/\/lesmaisonsfabel.com\/en\/portfolio_page\/maison-piquecos\/\"  target=\"_self\"> Maison Piquecos<\/a><\/h5>\n\n\n        \n            <span class=\"project_category\"  >\n    L&#039;\u00cele de R\u00e9    <\/span>\n\n    <\/div>\n\n        \n<\/article>\n<article class='mix portfolio_category_89 default' style=''>\n    \n    \n    \n    \n            <div class=\"item_holder slow_zoom\">\n\n                <div class=\"text_holder\">\n    <div class=\"text_holder_outer\">\n        <div class=\"text_holder_inner\">\n            \n        <\/div>\n    <\/div>\n<\/div>\n    <div class=\"icons_holder\">\n        \n        \n            <\/div>\n\n                                    <a itemprop=\"url\" class=\"portfolio_link_class\" title=\"Maison Espanel\" href=\"http:\/\/lesmaisonsfabel.com\/en\/portfolio_page\/maison-espanel\/\"><\/a>\n                \n                <div style=\"background-color: #0000005C\" class=\"portfolio_shader\"><\/div>\n                <div class=\"image_holder\">\n                    \n<span class='image'><img loading=\"lazy\" decoding=\"async\" width=\"539\" height=\"428\" src=\"http:\/\/lesmaisonsfabel.com\/wp-content\/uploads\/2020\/12\/LesmaisonsFabel_NosMaisons-vignette-portfolio_MaisonEspanel-1.jpg\" class=\"attachment-full size-full wp-post-image\" alt=\"\" srcset=\"http:\/\/lesmaisonsfabel.com\/wp-content\/uploads\/2020\/12\/LesmaisonsFabel_NosMaisons-vignette-portfolio_MaisonEspanel-1.jpg 539w, http:\/\/lesmaisonsfabel.com\/wp-content\/uploads\/2020\/12\/LesmaisonsFabel_NosMaisons-vignette-portfolio_MaisonEspanel-1-300x238.jpg 300w\" sizes=\"(max-width: 539px) 100vw, 539px\" \/><\/span>                <\/div>\n            <\/div>\n\n                <div class='portfolio_description ' >\n\n        \n    <h5 itemprop=\"name\" class=\"portfolio_title entry_title\"><a itemprop=\"url\" href=\"http:\/\/lesmaisonsfabel.com\/en\/portfolio_page\/maison-espanel\/\"  target=\"_self\"> Maison Espanel<\/a><\/h5>\n\n\n        \n            <span class=\"project_category\"  >\n    L&#039;\u00cele de R\u00e9    <\/span>\n\n    <\/div>\n\n        \n<\/article>\n<article class='mix portfolio_category_89 default' style=''>\n    \n    \n    \n    \n            <div class=\"item_holder slow_zoom\">\n\n                <div class=\"text_holder\">\n    <div class=\"text_holder_outer\">\n        <div class=\"text_holder_inner\">\n            \n        <\/div>\n    <\/div>\n<\/div>\n    <div class=\"icons_holder\">\n        \n        \n            <\/div>\n\n                                    <a itemprop=\"url\" class=\"portfolio_link_class\" title=\"Maison Ispagne\" href=\"http:\/\/lesmaisonsfabel.com\/en\/portfolio_page\/maison-ispagne\/\"><\/a>\n                \n                <div style=\"background-color: #0000005C\" class=\"portfolio_shader\"><\/div>\n                <div class=\"image_holder\">\n                    \n<span class='image'><img loading=\"lazy\" decoding=\"async\" width=\"539\" height=\"428\" src=\"http:\/\/lesmaisonsfabel.com\/wp-content\/uploads\/2020\/12\/LesmaisonsFabel_NosMaisons-vignette-portfolio_MaisonIspagne.jpg\" class=\"attachment-full size-full wp-post-image\" alt=\"\" srcset=\"http:\/\/lesmaisonsfabel.com\/wp-content\/uploads\/2020\/12\/LesmaisonsFabel_NosMaisons-vignette-portfolio_MaisonIspagne.jpg 539w, http:\/\/lesmaisonsfabel.com\/wp-content\/uploads\/2020\/12\/LesmaisonsFabel_NosMaisons-vignette-portfolio_MaisonIspagne-300x238.jpg 300w\" sizes=\"(max-width: 539px) 100vw, 539px\" \/><\/span>                <\/div>\n            <\/div>\n\n                <div class='portfolio_description ' >\n\n        \n    <h5 itemprop=\"name\" class=\"portfolio_title entry_title\"><a itemprop=\"url\" href=\"http:\/\/lesmaisonsfabel.com\/en\/portfolio_page\/maison-ispagne\/\"  target=\"_self\"> Maison Ispagne<\/a><\/h5>\n\n\n        \n            <span class=\"project_category\"  >\n    L&#039;\u00cele de R\u00e9    <\/span>\n\n    <\/div>\n\n        \n<\/article>\n<article class='mix portfolio_category_88 default' style=''>\n    \n    \n    \n    \n            <div class=\"item_holder slow_zoom\">\n\n                <div class=\"text_holder\">\n    <div class=\"text_holder_outer\">\n        <div class=\"text_holder_inner\">\n            \n        <\/div>\n    <\/div>\n<\/div>\n    <div class=\"icons_holder\">\n        \n        \n            <\/div>\n\n                                    <a itemprop=\"url\" class=\"portfolio_link_class\" title=\"Villa Montbel\" href=\"http:\/\/lesmaisonsfabel.com\/en\/portfolio_page\/villa-montbel\/\"><\/a>\n                \n                <div style=\"background-color: #0000005C\" class=\"portfolio_shader\"><\/div>\n                <div class=\"image_holder\">\n                    \n<span class='image'><img loading=\"lazy\" decoding=\"async\" width=\"539\" height=\"428\" src=\"http:\/\/lesmaisonsfabel.com\/wp-content\/uploads\/2020\/12\/LesmaisonsFabel_NosMaisons-vignette-portfolio_VillaMontbel3.jpg\" class=\"attachment-full size-full wp-post-image\" alt=\"\" srcset=\"http:\/\/lesmaisonsfabel.com\/wp-content\/uploads\/2020\/12\/LesmaisonsFabel_NosMaisons-vignette-portfolio_VillaMontbel3.jpg 539w, http:\/\/lesmaisonsfabel.com\/wp-content\/uploads\/2020\/12\/LesmaisonsFabel_NosMaisons-vignette-portfolio_VillaMontbel3-300x238.jpg 300w\" sizes=\"(max-width: 539px) 100vw, 539px\" \/><\/span>                <\/div>\n            <\/div>\n\n                <div class='portfolio_description ' >\n\n        \n    <h5 itemprop=\"name\" class=\"portfolio_title entry_title\"><a itemprop=\"url\" href=\"http:\/\/lesmaisonsfabel.com\/en\/portfolio_page\/villa-montbel\/\"  target=\"_self\"> Villa Montbel<\/a><\/h5>\n\n\n        \n            <span class=\"project_category\"  >\n    Le Pyla    <\/span>\n\n    <\/div>\n\n        \n<\/article>\n<article class='mix portfolio_category_90 default' style=''>\n    \n    \n    \n    \n            <div class=\"item_holder slow_zoom\">\n\n                <div class=\"text_holder\">\n    <div class=\"text_holder_outer\">\n        <div class=\"text_holder_inner\">\n            \n        <\/div>\n    <\/div>\n<\/div>\n    <div class=\"icons_holder\">\n        \n        \n            <\/div>\n\n                                    <a itemprop=\"url\" class=\"portfolio_link_class\" title=\"Villa Touquettoise\" href=\"http:\/\/lesmaisonsfabel.com\/en\/portfolio_page\/villa-touquettoise\/\"><\/a>\n                \n                <div style=\"background-color: #0000005C\" class=\"portfolio_shader\"><\/div>\n                <div class=\"image_holder\">\n                    \n<span class='image'><img loading=\"lazy\" decoding=\"async\" width=\"539\" height=\"428\" src=\"http:\/\/lesmaisonsfabel.com\/wp-content\/uploads\/2020\/12\/LesmaisonsFabel_NosMaisons-vignette-portfolio_VillaTouquettoise2.jpg\" class=\"attachment-full size-full wp-post-image\" alt=\"\" srcset=\"http:\/\/lesmaisonsfabel.com\/wp-content\/uploads\/2020\/12\/LesmaisonsFabel_NosMaisons-vignette-portfolio_VillaTouquettoise2.jpg 539w, http:\/\/lesmaisonsfabel.com\/wp-content\/uploads\/2020\/12\/LesmaisonsFabel_NosMaisons-vignette-portfolio_VillaTouquettoise2-300x238.jpg 300w\" sizes=\"(max-width: 539px) 100vw, 539px\" \/><\/span>                <\/div>\n            <\/div>\n\n                <div class='portfolio_description ' >\n\n        \n    <h5 itemprop=\"name\" class=\"portfolio_title entry_title\"><a itemprop=\"url\" href=\"http:\/\/lesmaisonsfabel.com\/en\/portfolio_page\/villa-touquettoise\/\"  target=\"_self\"> Villa Touquettoise<\/a><\/h5>\n\n\n        \n            <span class=\"project_category\"  >\n    Le Touquet    <\/span>\n\n    <\/div>\n\n        \n<\/article>\n<article class='mix portfolio_category_90 default' style=''>\n    \n    \n    \n    \n            <div class=\"item_holder slow_zoom\">\n\n                <div class=\"text_holder\">\n    <div class=\"text_holder_outer\">\n        <div class=\"text_holder_inner\">\n            \n        <\/div>\n    <\/div>\n<\/div>\n    <div class=\"icons_holder\">\n        \n        \n            <\/div>\n\n                                    <a itemprop=\"url\" class=\"portfolio_link_class\" title=\"Villa Cape Cod\" href=\"http:\/\/lesmaisonsfabel.com\/en\/portfolio_page\/villa-cape-cod\/\"><\/a>\n                \n                <div style=\"background-color: #0000005C\" class=\"portfolio_shader\"><\/div>\n                <div class=\"image_holder\">\n                    \n<span class='image'><img loading=\"lazy\" decoding=\"async\" width=\"539\" height=\"428\" src=\"http:\/\/lesmaisonsfabel.com\/wp-content\/uploads\/2020\/12\/LesmaisonsFabel_NosMaisons-vignette-portfolio_VillaCapcode2.jpg\" class=\"attachment-full size-full wp-post-image\" alt=\"\" srcset=\"http:\/\/lesmaisonsfabel.com\/wp-content\/uploads\/2020\/12\/LesmaisonsFabel_NosMaisons-vignette-portfolio_VillaCapcode2.jpg 539w, http:\/\/lesmaisonsfabel.com\/wp-content\/uploads\/2020\/12\/LesmaisonsFabel_NosMaisons-vignette-portfolio_VillaCapcode2-300x238.jpg 300w\" sizes=\"(max-width: 539px) 100vw, 539px\" \/><\/span>                <\/div>\n            <\/div>\n\n                <div class='portfolio_description ' >\n\n        \n    <h5 itemprop=\"name\" class=\"portfolio_title entry_title\"><a itemprop=\"url\" href=\"http:\/\/lesmaisonsfabel.com\/en\/portfolio_page\/villa-cape-cod\/\"  target=\"_self\"> Villa Cape Cod<\/a><\/h5>\n\n\n        \n            <span class=\"project_category\"  >\n    Le Touquet    <\/span>\n\n    <\/div>\n\n        \n<\/article>\n<article class='mix portfolio_category_87 default' style=''>\n    \n    \n    \n    \n            <div class=\"item_holder slow_zoom\">\n\n                <div class=\"text_holder\">\n    <div class=\"text_holder_outer\">\n        <div class=\"text_holder_inner\">\n            \n        <\/div>\n    <\/div>\n<\/div>\n    <div class=\"icons_holder\">\n        \n        \n            <\/div>\n\n                                    <a itemprop=\"url\" class=\"portfolio_link_class\" title=\"Les 4 villas Cara\u00efbes\" href=\"http:\/\/lesmaisonsfabel.com\/en\/portfolio_page\/les-4-villas-caraibes\/\"><\/a>\n                \n                <div style=\"background-color: #0000005C\" class=\"portfolio_shader\"><\/div>\n                <div class=\"image_holder\">\n                    \n<span class='image'><img loading=\"lazy\" decoding=\"async\" width=\"539\" height=\"428\" src=\"http:\/\/lesmaisonsfabel.com\/wp-content\/uploads\/2020\/12\/LesmaisonsFabel_NosMaisons-vignette-portfolio_VillaCaraibes.jpg\" class=\"attachment-full size-full wp-post-image\" alt=\"\" srcset=\"http:\/\/lesmaisonsfabel.com\/wp-content\/uploads\/2020\/12\/LesmaisonsFabel_NosMaisons-vignette-portfolio_VillaCaraibes.jpg 539w, http:\/\/lesmaisonsfabel.com\/wp-content\/uploads\/2020\/12\/LesmaisonsFabel_NosMaisons-vignette-portfolio_VillaCaraibes-300x238.jpg 300w\" sizes=\"(max-width: 539px) 100vw, 539px\" \/><\/span>                <\/div>\n            <\/div>\n\n                <div class='portfolio_description ' >\n\n        \n    <h5 itemprop=\"name\" class=\"portfolio_title entry_title\"><a itemprop=\"url\" href=\"http:\/\/lesmaisonsfabel.com\/en\/portfolio_page\/les-4-villas-caraibes\/\"  target=\"_self\"> Les 4 villas Cara\u00efbes<\/a><\/h5>\n\n\n        \n            <span class=\"project_category\"  >\n    Guadeloupe    <\/span>\n\n    <\/div>\n\n        \n<\/article>\n        <div class='filler'><\/div>\n            <div class='filler'><\/div>\n        <\/div>\n\n    \n    <\/div>\t\t\t\t<\/div>\n\t\t\t\t<\/div>\n\t\t\t\t\t<\/div>\n\t\t<\/div>\n\t\t\t\t\t<\/div>\n\t\t<\/section>\n\t\t\t\t<section class=\"elementor-section elementor-top-section elementor-element elementor-element-dfdc296 elementor-section-boxed elementor-section-height-default elementor-section-height-default parallax_section_no qode_elementor_container_no\" data-id=\"dfdc296\" data-element_type=\"section\">\n\t\t\t\t\t\t<div class=\"elementor-container elementor-column-gap-default\">\n\t\t\t\t\t<div class=\"elementor-column elementor-col-100 elementor-top-column elementor-element elementor-element-34276b7\" data-id=\"34276b7\" data-element_type=\"column\">\n\t\t\t<div class=\"elementor-widget-wrap\">\n\t\t\t\t\t\t\t<\/div>\n\t\t<\/div>\n\t\t\t\t\t<\/div>\n\t\t<\/section>\n\t\t\t\t<section class=\"elementor-section elementor-top-section elementor-element elementor-element-9153b55 elementor-section-boxed elementor-section-height-default elementor-section-height-default parallax_section_no qode_elementor_container_no\" data-id=\"9153b55\" data-element_type=\"section\">\n\t\t\t\t\t\t<div class=\"elementor-container elementor-column-gap-default\">\n\t\t\t\t\t<div class=\"elementor-column elementor-col-100 elementor-top-column elementor-element elementor-element-450d1a2\" data-id=\"450d1a2\" data-element_type=\"column\">\n\t\t\t<div class=\"elementor-widget-wrap\">\n\t\t\t\t\t\t\t<\/div>\n\t\t<\/div>\n\t\t\t\t\t<\/div>\n\t\t<\/section>\n\t\t\t\t<\/div>\n\t\t","protected":false},"excerpt":{"rendered":"<p>All Biarritz Deauville L&#8217;\u00cele de R\u00e9 Le Pyla Le Touquet La Guadeloupe Villa Trinidad Biarritz Villa Debyans Deauville Maison Piquecos L&#8217;\u00cele de R\u00e9 Maison Espanel L&#8217;\u00cele de R\u00e9 Maison Ispagne L&#8217;\u00cele de R\u00e9 Villa Montbel Le Pyla Villa Touquettoise Le Touquet Villa Cape Cod Le&#8230;<\/p>\n","protected":false},"author":3,"featured_media":0,"parent":0,"menu_order":0,"comment_status":"closed","ping_status":"closed","template":"","meta":{"footnotes":""},"class_list":["post-18302","page","type-page","status-publish","hentry"],"_links":{"self":[{"href":"http:\/\/lesmaisonsfabel.com\/en\/wp-json\/wp\/v2\/pages\/18302","targetHints":{"allow":["GET"]}}],"collection":[{"href":"http:\/\/lesmaisonsfabel.com\/en\/wp-json\/wp\/v2\/pages"}],"about":[{"href":"http:\/\/lesmaisonsfabel.com\/en\/wp-json\/wp\/v2\/types\/page"}],"author":[{"embeddable":true,"href":"http:\/\/lesmaisonsfabel.com\/en\/wp-json\/wp\/v2\/users\/3"}],"replies":[{"embeddable":true,"href":"http:\/\/lesmaisonsfabel.com\/en\/wp-json\/wp\/v2\/comments?post=18302"}],"version-history":[{"count":3,"href":"http:\/\/lesmaisonsfabel.com\/en\/wp-json\/wp\/v2\/pages\/18302\/revisions"}],"predecessor-version":[{"id":18306,"href":"http:\/\/lesmaisonsfabel.com\/en\/wp-json\/wp\/v2\/pages\/18302\/revisions\/18306"}],"wp:attachment":[{"href":"http:\/\/lesmaisonsfabel.com\/en\/wp-json\/wp\/v2\/media?parent=18302"}],"curies":[{"name":"wp","href":"https:\/\/api.w.org\/{rel}","templated":true}]}}